{"id":2509,"date":"2023-11-24T11:03:18","date_gmt":"2023-11-24T11:03:18","guid":{"rendered":"https:\/\/canbebe.com\/?page_id=2509"},"modified":"2024-07-22T19:27:21","modified_gmt":"2024-07-22T19:27:21","slug":"27-40-haftalar","status":"publish","type":"page","link":"https:\/\/canbebe.com\/fr\/calendrier-de-grossesse\/27-40-haftalar\/","title":{"rendered":"\u0627\u0644\u062b\u0644\u062b \u0627\u0644\u062b\u0627\u0644\u062b"},"content":{"rendered":"<div class=\"wpb-content-wrapper\"><p>[vc_row row_height_percent=\u00a0\u00bb0&Prime; override_padding=\u00a0\u00bbyes\u00a0\u00bb h_padding=\u00a0\u00bb2&Prime; top_padding=\u00a0\u00bb2&Prime; bottom_padding=\u00a0\u00bb0&Prime; overlay_alpha=\u00a0\u00bb50&Prime; equal_height=\u00a0\u00bbyes\u00a0\u00bb gutter_size=\u00a0\u00bb2&Prime; column_width_percent=\u00a0\u00bb100&Prime; shift_y=\u00a0\u00bb-3&Prime; z_index=\u00a0\u00bb0&Prime; uncode_shortcode_id=\u00a0\u00bb152492&Prime;][vc_column column_width_percent=\u00a0\u00bb100&Prime; position_vertical=\u00a0\u00bbmiddle\u00a0\u00bb align_horizontal=\u00a0\u00bbalign_center\u00a0\u00bb gutter_size=\u00a0\u00bb3&Prime; overlay_alpha=\u00a0\u00bb50&Prime; shift_x=\u00a0\u00bb0&Prime; shift_y=\u00a0\u00bb0&Prime; shift_y_down=\u00a0\u00bb0&Prime; z_index=\u00a0\u00bb0&Prime; medium_width=\u00a0\u00bb0&Prime; mobile_width=\u00a0\u00bb0&Prime; radius=\u00a0\u00bbsm\u00a0\u00bb width=\u00a0\u00bb5\/12&Prime; uncode_shortcode_id=\u00a0\u00bb100228&Prime; mobile_height=\u00a0\u00bb300&Prime; el_class=\u00a0\u00bbimg-rounded\u00a0\u00bb][\/vc_column][vc_column column_width_use_pixel=\u00a0\u00bbyes\u00a0\u00bb position_horizontal=\u00a0\u00bbright\u00a0\u00bb gutter_size=\u00a0\u00bb2&Prime; overlay_alpha=\u00a0\u00bb50&Prime; shift_x=\u00a0\u00bb0&Prime; shift_y=\u00a0\u00bb-5&Prime; shift_y_down=\u00a0\u00bb-5&Prime; z_index=\u00a0\u00bb0&Prime; medium_width=\u00a0\u00bb0&Prime; mobile_width=\u00a0\u00bb0&Prime; width=\u00a0\u00bb7\/12&Prime; uncode_shortcode_id=\u00a0\u00bb133000&Prime; column_width_pixel=\u00a0\u00bb600&Prime; el_id=\u00a0\u00bbhafta-nav\u00a0\u00bb][vc_custom_heading heading_semantic=\u00a0\u00bbh4&Prime; text_size=\u00a0\u00bb\u00a0\u00bb uncode_shortcode_id=\u00a0\u00bb153691&Prime;]Taille et poids du b\u00e9b\u00e9[\/vc_custom_heading][vc_column_text uncode_shortcode_id=\u00a0\u00bb209406&Prime;]\u00c0 la fin du 3\u00e8me trimestre, c&rsquo;est-\u00e0-dire les 3 derniers mois de grossesse, la taille du b\u00e9b\u00e9 est d&rsquo;environ 51-52 centim\u00e8tres, environ la taille d&rsquo;une past\u00e8que. Son poids est d&rsquo;environ 3500 grammes.[\/vc_column_text][\/vc_column][\/vc_row][vc_row][vc_column width=\u00a0\u00bb1\/1&Prime;][vc_custom_heading heading_semantic=\u00a0\u00bbh4&Prime; text_size=\u00a0\u00bb\u00a0\u00bb uncode_shortcode_id=\u00a0\u00bb197825&Prime;]Le D\u00e9veloppement du B\u00e9b\u00e9[\/vc_custom_heading][vc_row_inner limit_content=\u00a0\u00bb\u00a0\u00bb][vc_column_inner width=\u00a0\u00bb5\/12&Prime;][vc_single_image media=\u00a0\u00bb1019&Prime; media_width_percent=\u00a0\u00bb100&Prime; uncode_shortcode_id=\u00a0\u00bb178953&Prime;][\/vc_column_inner][vc_column_inner width=\u00a0\u00bb7\/12&Prime;][vc_column_text uncode_shortcode_id=\u00a0\u00bb106514&Prime;]Les organes, les muscles et les os de votre b\u00e9b\u00e9 arriveront \u00e0 maturit\u00e9 au cours du 3\u00e8me trimestre. Vous n&rsquo;\u00eates qu&rsquo;\u00e0 3 mois de quitter les 9 mois de grossesse et d&rsquo;avoir cette merveilleuse r\u00e9union avec votre b\u00e9b\u00e9, la naissance. Les d\u00e9veloppements les plus significatifs au cours des 3 derniers mois de la grossesse concerneront le gain de taille et de poids. Au cours du 3\u00e8me trimestre, votre b\u00e9b\u00e9 aura pris environ 2 kilogrammes. En raison de ces attaques de croissance du b\u00e9b\u00e9, votre ventre va cro\u00eetre tr\u00e8s rapidement au cours des 3 derniers mois. Bien que cela apportera quelques difficult\u00e9s, de nombreuses femmes enceintes essaient de profiter de la grossesse au cours de cette derni\u00e8re p\u00e9riode de 3 mois.<\/p>\n<p>\u00c0 la fin du troisi\u00e8me trimestre, les poils fins de la surface de la peau de votre b\u00e9b\u00e9, appel\u00e9s Lanugo, dispara\u00eetront rapidement. La partie inf\u00e9rieure de votre peau, vos organes et certains muscles continueront \u00e0 devenir gras autour de vous.[\/vc_column_text][\/vc_column_inner][\/vc_row_inner][vc_column_text uncode_shortcode_id=\u00a0\u00bb778443&Prime;]La couche de vernix caseosa form\u00e9e \u00e0 la surface de la peau de votre b\u00e9b\u00e9 continue de contr\u00f4ler la temp\u00e9rature de son corps et de garder sa peau humide. Cette substance facilitera \u00e9galement le passage du b\u00e9b\u00e9 par le canal de naissance \u00e0 l&rsquo;accouchement.<\/p>\n<p>La production de surfactant dans ses poumons, qui lui permettra de respirer dans le monde ext\u00e9rieur, se poursuivra jusqu&rsquo;\u00e0 la 36e semaine. Pour cette raison, si le b\u00e9b\u00e9 na\u00eet avant la 36e semaine, il peut survivre en respirant avec de l&rsquo;aide dans l&rsquo;incubateur.<\/p>\n<p>Le cerveau et le syst\u00e8me nerveux \u00e9tant pleinement d\u00e9velopp\u00e9s, ils effectuent chaque jour des mouvements plus conscients. Pourtant, les cellules du cerveau continuent de cro\u00eetre jusqu&rsquo;\u00e0 la naissance.<\/p>\n<p>Dans les derni\u00e8res semaines de grossesse, le cr\u00e2ne du b\u00e9b\u00e9 est encore mou, m\u00eame si les os continuent de durcir. La douceur des os cr\u00e2niens est un \u00e9l\u00e9ment qui facilite le passage du b\u00e9b\u00e9 par le canal de naissance.<\/p>\n<p>Ces derniers mois, la premi\u00e8re crotte noire du b\u00e9b\u00e9, appel\u00e9e m\u00e9conium, a continu\u00e9 \u00e0 s&rsquo;accumuler dans son gros intestin. Jusqu&rsquo;\u00e0 la naissance, les b\u00e9b\u00e9s ne font g\u00e9n\u00e9ralement pas cette selle.<\/p>\n<p>\u00c9tant donn\u00e9 que les anticorps seront transmis de la m\u00e8re au b\u00e9b\u00e9 par le cordon ombilical \u00e0 9 mois de grossesse, le b\u00e9b\u00e9 sera pr\u00e9par\u00e9 aux maladies et aux microbes en dehors de l&rsquo;ut\u00e9rus.[\/vc_column_text][vc_custom_heading heading_semantic=\u00a0\u00bbh4&Prime; text_size=\u00a0\u00bb\u00a0\u00bb uncode_shortcode_id=\u00a0\u00bb229002&Prime; subheading=\u00a0\u00bbAu cours des deux derniers mois de la grossesse, votre b\u00e9b\u00e9 peut maintenant dormir plus longtemps. Par cons\u00e9quent, ils peuvent prendre une pause de quelques heures. De plus, leurs d\u00e9placements sont restreints car leur espace s&rsquo;est r\u00e9tr\u00e9ci ces derni\u00e8res semaines. Il est pr\u00e9f\u00e9rable de suivre votre b\u00e9b\u00e9 car il se d\u00e9placera certainement dans des moments autres que le sommeil. Si vous ne sentez pas leurs mouvements pendant un certain temps, assurez-vous de parler \u00e0 votre m\u00e9decin.\u00a0\u00bb]Mouvements de b\u00e9b\u00e9[\/vc_custom_heading][vc_custom_heading heading_semantic=\u00a0\u00bbh4&Prime; text_size=\u00a0\u00bb\u00a0\u00bb uncode_shortcode_id=\u00a0\u00bb791409&Prime;]Image \u00e9chographique[\/vc_custom_heading][vc_row_inner limit_content=\u00a0\u00bb\u00a0\u00bb][vc_column_inner width=\u00a0\u00bb5\/12&Prime;][vc_single_image media=\u00a0\u00bb1017&Prime; media_width_percent=\u00a0\u00bb100&Prime; uncode_shortcode_id=\u00a0\u00bb842789&Prime;][\/vc_column_inner][vc_column_inner width=\u00a0\u00bb7\/12&Prime;][vc_column_text uncode_shortcode_id=\u00a0\u00bb410435&Prime;]Au cours des derni\u00e8res semaines de grossesse, vous constaterez peut-\u00eatre que le visage de votre b\u00e9b\u00e9 est pleinement d\u00e9velopp\u00e9. Vous pouvez le voir b\u00e2iller, donner des coups de pied, sucer son doigt ou avoir le hoquet.<\/p>\n<p>Sur les images \u00e9chographiques du 9\u00e8me mois de grossesse, votre m\u00e9decin examinera la position de votre b\u00e9b\u00e9, sa fr\u00e9quence cardiaque, ses mouvements et la quantit\u00e9 de liquide amniotique.<\/p>\n<p>Au cours des 3 derniers mois de la grossesse, le b\u00e9b\u00e9 se pr\u00e9pare \u00e0 la naissance. Pour cela, il prend d&rsquo;abord la position t\u00eate en bas (position c\u00e9phalique). Il est pr\u00e9vu de passer \u00e0 ce poste entre le 7e et le 8,5e mois. 96\u00a0% des b\u00e9b\u00e9s reviennent en position t\u00eate en bas jusqu&rsquo;\u00e0 la naissance. Le visage du b\u00e9b\u00e9, qui se retourne et prend la position de naissance, devrait se retourner au cours des derni\u00e8res semaines (position ant\u00e9rieure).[\/vc_column_text][\/vc_column_inner][\/vc_row_inner][vc_column_text uncode_shortcode_id=\u00a0\u00bb825236&Prime;]Vos b\u00e9b\u00e9s ne peuvent pas \u00eatre retourn\u00e9s pendant une grossesse g\u00e9mellaire. Si tout va bien et que vous voulez avoir une naissance normale, vous devriez choisir un m\u00e9decin et une sage-femme qui sont des experts en naissances jumelles.[\/vc_column_text][vc_custom_heading heading_semantic=\u00a0\u00bbh4&Prime; text_size=\u00a0\u00bb\u00a0\u00bb uncode_shortcode_id=\u00a0\u00bb148237&Prime;]Changements dans le corps de la m\u00e8re[\/vc_custom_heading][vc_column_text uncode_shortcode_id=\u00a0\u00bb134950&Prime;]Au cours des 3 derniers mois, la m\u00e8re peut pr\u00e9senter les sympt\u00f4mes suivants\u00a0:<\/p>\n<p>\u2013 Congestion nasale et parfois saignement,<\/p>\n<p>\u2013 \u00c9coulement vaginal de plus en plus blanch\u00e2tre,<\/p>\n<p>\u2013 Indigestion, reflux, constipation et h\u00e9morro\u00efdes dans l&rsquo;estomac,<\/p>\n<p>\u2013 Crampes aux jambes,<\/p>\n<p>\u2013 Varices,<\/p>\n<p>\u2013 C\u00e9phal\u00e9e<\/p>\n<p>\u2013 Contractions de Braxton Hicks (fausses contractions),<\/p>\n<p>\u2013 Distraction ou perte de m\u00e9moire,<\/p>\n<p>\u2013 Pr\u00e9occupations concernant le b\u00e9b\u00e9 et la naissance,<\/p>\n<p>\u2013 Cauchemars,<\/p>\n<p>\u2013 Troubles du sommeil et difficult\u00e9 \u00e0 s&rsquo;endormir,<\/p>\n<p>\u2013 Douleurs \u00e0 la hanche et\u00a0au bas du dos,<\/p>\n<p>\u2013 Douleur sciatique ressentie de la hanche aux jambes,<\/p>\n<p>\u2013 Douleurs ligamentaires rondes (douleurs \u00e0 l&rsquo;aine et douleurs abdominales dues \u00e0 l&rsquo;\u00e9largissement de l&rsquo;ut\u00e9rus pendant la grossesse),<\/p>\n<p>\u2013 Syndrome du canal carpien (Une affection qui provoque des sensations telles que des picotements, des engourdissements, des picotements et des g\u00e9missements dans les bras, les mains, la r\u00e9gion du cou.)[\/vc_column_text][vc_custom_heading heading_semantic=\u00a0\u00bbh4&Prime; text_size=\u00a0\u00bb\u00a0\u00bb uncode_shortcode_id=\u00a0\u00bb138711&Prime; subheading=\u00a0\u00bb\u00c9tant donn\u00e9 que votre ventre va beaucoup pousser, vous pouvez ressentir un essoufflement pendant la grossesse. Si le probl\u00e8me d&rsquo;essoufflement pendant la grossesse vous d\u00e9range, r\u00e9duisez vos quantit\u00e9s de repas, mangez fr\u00e9quemment et peu. Essayez de prendre l&rsquo;air.\u00a0\u00bb]Quand l&rsquo;essoufflement commence-t-il pendant la grossesse\u00a0?[\/vc_custom_heading][vc_custom_heading heading_semantic=\u00a0\u00bbh4&Prime; text_size=\u00a0\u00bb\u00a0\u00bb uncode_shortcode_id=\u00a0\u00bb833175&Prime; subheading=\u00a0\u00bbL&rsquo;un des probl\u00e8mes les plus courants au cours du dernier trimestre est la fissure de la grossesse. Pour ce probl\u00e8me, vous pouvez hydrater votre abdomen tous les jours avec des huiles naturelles telles que l&rsquo;huile d&rsquo;amande, le beurre de cacao ou l&rsquo;huile de noix de coco ou avec l&rsquo;huile mixte que vous en tirez.\u00a0\u00bb]Quand les vergetures commencent-elles pendant la grossesse\u00a0?[\/vc_custom_heading][vc_custom_heading heading_semantic=\u00a0\u00bbh4&Prime; text_size=\u00a0\u00bb\u00a0\u00bb uncode_shortcode_id=\u00a0\u00bb128779&Prime; subheading=\u00a0\u00bbLes br\u00fblures d&rsquo;estomac peuvent perturber la future m\u00e8re le plus souvent au cours des 3 derniers mois en raison de la pression exerc\u00e9e sur l&rsquo;estomac avec la croissance de l&rsquo;ut\u00e9rus. Cela peut \u00e9galement entra\u00eener un hoquet pendant la grossesse. La meilleure solution pour ces deux probl\u00e8mes est de manger souvent et moins. \u00c9viter les aliments tels que les \u00e9pices et les cornichons r\u00e9duit le risque de br\u00fblures d&rsquo;estomac. Il est \u00e9galement bon de boire beaucoup d&rsquo;eau.\u00a0\u00bb]Quand les br\u00fblures d&rsquo;estomac commencent-elles pendant la grossesse\u00a0?[\/vc_custom_heading][vc_custom_heading heading_semantic=\u00a0\u00bbh4&Prime; text_size=\u00a0\u00bb\u00a0\u00bb uncode_shortcode_id=\u00a0\u00bb144608&Prime; subheading=\u00a0\u00bbSurtout au cours des 3 derniers mois, vous pouvez avoir des probl\u00e8mes d&rsquo;\u0153d\u00e8me pendant la grossesse. 75\u00a0% des femmes enceintes \u00e9prouvent ce probl\u00e8me. Le probl\u00e8me de l&rsquo;\u0153d\u00e8me provoque un gonflement des mains, des jambes et des pieds. C&rsquo;est la cause des douleurs au poignet (dans les chevilles) pendant la grossesse. La meilleure solution est de boire beaucoup d&rsquo;eau. Les chaussettes pour les varices peuvent \u00e9galement aider \u00e0 pr\u00e9venir l&rsquo;enflure. Surtout si le gonflement des jambes augmente, vous devez appeler imm\u00e9diatement votre m\u00e9decin en cas de pr\u00e9\u00e9clampsie (pression art\u00e9rielle \u00e9lev\u00e9e).\u00a0\u00bb]Quand l&rsquo;\u0153d\u00e8me commence-t-il pendant la grossesse\u00a0?[\/vc_custom_heading][vc_custom_heading heading_semantic=\u00a0\u00bbh4&Prime; text_size=\u00a0\u00bb\u00a0\u00bb uncode_shortcode_id=\u00a0\u00bb168368&Prime; subheading=\u00a0\u00bbEn fait, les maux de dos pendant la grossesse peuvent commencer au cours du premier trimestre, mais ils peuvent \u00eatre plus intenses au cours du dernier trimestre en raison de la croissance de l&rsquo;abdomen. Pour nos suggestions de solutions pour les maux de dos pendant la grossesse, Vous pouvez lire notre article du mois.\u00a0\u00bb]Quand les maux de dos commencent-ils pendant la grossesse\u00a0?[\/vc_custom_heading][vc_custom_heading heading_semantic=\u00a0\u00bbh4&Prime; text_size=\u00a0\u00bb\u00a0\u00bb uncode_shortcode_id=\u00a0\u00bb583087&Prime; subheading=\u00a0\u00bbAu cours des 3 derniers mois de la grossesse, vous pouvez ressentir de fausses contractions (contractions de Braxton Hicks). Le d\u00e9but pr\u00e9coce de ces contractions ne devrait pas vous inqui\u00e9ter imm\u00e9diatement. Car ces contractions sont une sorte d&rsquo;entra\u00eenement pour le corps en pr\u00e9paration \u00e0 l&rsquo;accouchement. Si les contractions deviennent fr\u00e9quentes et r\u00e9guli\u00e8res, informez imm\u00e9diatement votre m\u00e9decin en cas d&rsquo;accouchement pr\u00e9matur\u00e9. (Pour plus d&rsquo;informations sur les sympt\u00f4mes de la naissance pr\u00e9matur\u00e9e, voir notre article de la 33\u00e8me semaine. Pour plus d&rsquo;informations sur les causes de naissance pr\u00e9matur\u00e9e, Voir nos articles hebdomadaires.)\u00a0\u00bb]Choses \u00e0 prendre en compte[\/vc_custom_heading][vc_custom_heading heading_semantic=\u00a0\u00bbh4&Prime; text_size=\u00a0\u00bb\u00a0\u00bb uncode_shortcode_id=\u00a0\u00bb359254&Prime; text_color_type=\u00a0\u00bbuncode-palette\u00a0\u00bb text_color_solid=\u00a0\u00bb#ff0000&Prime; subheading=\u00a0\u00bbAu cours des 3 derniers mois, vos pr\u00e9occupations concernant l&rsquo;accouchement peuvent augmenter. Les femmes enceintes qui ont peur d&rsquo;un accouchement normal peuvent pr\u00e9f\u00e9rer accoucher par c\u00e9sarienne plut\u00f4t que d&rsquo;essayer de surmonter ces peurs. Cependant, une c\u00e9sarienne doit \u00eatre pratiqu\u00e9e en cas de n\u00e9cessit\u00e9 m\u00e9dicale. Mais bien s\u00fbr, si vous ressentez la peur de l&rsquo;accouchement de mani\u00e8re extr\u00eame, il est pr\u00e9f\u00e9rable d&rsquo;accoucher par c\u00e9sarienne si la formation \u00e0 la pr\u00e9paration \u00e0 l&rsquo;accouchement et l&rsquo;aide professionnelle ne fonctionnent pas. Malheureusement, la Turquie est devenue le deuxi\u00e8me pays au monde et le premier en Europe parmi les pays o\u00f9 les taux de c\u00e9sarienne sont \u00e9lev\u00e9s. Les raisons de cette situation sont expliqu\u00e9es dans le 28 sur les d\u00e9tails des causes de naissance pr\u00e9matur\u00e9e.<\/p>\n<p>La premi\u00e8re chose que les femmes enceintes qui d\u00e9sirent un accouchement normal devraient faire est de recevoir une formation de pr\u00e9paration \u00e0 l&rsquo;accouchement. De plus, vous devriez absolument discuter de vos pr\u00e9f\u00e9rences en mati\u00e8re de naissance avec votre m\u00e9decin. Vous devez d\u00e9terminer vos pr\u00e9f\u00e9rences lors de l&rsquo;accouchement non pas 1 mois avant la naissance, mais plus t\u00f4t et prendre des mesures. Tout d&rsquo;abord, vous devez choisir un h\u00f4pital. (Pour des informations d\u00e9taill\u00e9es sur les pr\u00e9f\u00e9rences de l&rsquo;h\u00f4pital, vous pouvez consulter notre article sur la 33e semaine.) Pour des informations g\u00e9n\u00e9rales sur les pr\u00e9f\u00e9rences de naissance, vous pouvez lire notre article de la 34e semaine.)<\/p>\n<p>Pour savoir \u00e0 quoi faire attention lors du choix d&rsquo;un cours de pr\u00e9paration \u00e0 l&rsquo;accouchement, Vous pouvez consulter notre article de 28e semaine.<\/p>\n<p>Pour plus de d\u00e9tails sur la fa\u00e7on dont l&rsquo;accouchement a eu lieu et ses \u00e9tapes, Vous pouvez lire notre article de 40e semaine.<\/p>\n<p>Nous vous souhaitons une grossesse et un accouchement en bonne sant\u00e9&#8230;\u00a0\u00bb]Processus de livraison[\/vc_custom_heading][\/vc_column][\/vc_row][vc_row][vc_column width=\u00a0\u00bb1\/1&Prime;][uncode_block id=\u00a0\u00bb989&Prime;][uncode_block id=\u00a0\u00bb601&Prime;][\/vc_column][\/vc_row]<\/p>\n<\/div>","protected":false},"excerpt":{"rendered":"<p>[vc_row row_height_percent=\u00a0\u00bb0&Prime; override_padding=\u00a0\u00bbyes\u00a0\u00bb h_padding=\u00a0\u00bb2&Prime; top_padding=\u00a0\u00bb2&Prime; bottom_padding=\u00a0\u00bb0&Prime; overlay_alpha=\u00a0\u00bb50&Prime; equal_height=\u00a0\u00bbyes\u00a0\u00bb gutter_size=\u00a0\u00bb2&Prime; column_width_percent=\u00a0\u00bb100&Prime; shift_y=\u00a0\u00bb-3&Prime; z_index=\u00a0\u00bb0&Prime; uncode_shortcode_id=\u00a0\u00bb152492&Prime;][vc_column column_width_percent=\u00a0\u00bb100&Prime; position_vertical=\u00a0\u00bbmiddle\u00a0\u00bb align_horizontal=\u00a0\u00bbalign_center\u00a0\u00bb gutter_size=\u00a0\u00bb3&Prime; overlay_alpha=\u00a0\u00bb50&Prime; shift_x=\u00a0\u00bb0&Prime; shift_y=\u00a0\u00bb0&Prime; [&hellip;]<\/p>\n","protected":false},"author":3,"featured_media":1488,"parent":2268,"menu_order":0,"comment_status":"closed","ping_status":"closed","template":"","meta":{"_monsterinsights_skip_tracking":false,"_monsterinsights_sitenote_active":false,"_monsterinsights_sitenote_note":"","_monsterinsights_sitenote_category":0,"footnotes":""},"class_list":["post-2509","page","type-page","status-publish","has-post-thumbnail","hentry","page_category-trimestre-par-trimestre"],"yoast_head":"<!-- This site is optimized with the Yoast SEO plugin v27.4 - https:\/\/yoast.com\/product\/yoast-seo-wordpress\/ -->\n<title>\u0627\u0644\u062b\u0644\u062b \u0627\u0644\u062b\u0627\u0644\u062b - Canbebe<\/title>\n<meta name=\"robots\" content=\"index, follow, max-snippet:-1, max-image-preview:large, max-video-preview:-1\" \/>\n<link rel=\"canonical\" href=\"https:\/\/canbebe.com\/fr\/calendrier-de-grossesse\/27-40-haftalar\/\" \/>\n<meta property=\"og:locale\" content=\"fr_FR\" \/>\n<meta property=\"og:type\" content=\"article\" \/>\n<meta property=\"og:title\" content=\"\u0627\u0644\u062b\u0644\u062b \u0627\u0644\u062b\u0627\u0644\u062b - Canbebe\" \/>\n<meta property=\"og:description\" content=\"[vc_row row_height_percent=\u00a0\u00bb0&Prime; override_padding=\u00a0\u00bbyes\u00a0\u00bb h_padding=\u00a0\u00bb2&Prime; top_padding=\u00a0\u00bb2&Prime; bottom_padding=\u00a0\u00bb0&Prime; overlay_alpha=\u00a0\u00bb50&Prime; equal_height=\u00a0\u00bbyes\u00a0\u00bb gutter_size=\u00a0\u00bb2&Prime; column_width_percent=\u00a0\u00bb100&Prime; shift_y=\u00a0\u00bb-3&Prime; z_index=\u00a0\u00bb0&Prime; uncode_shortcode_id=\u00a0\u00bb152492&Prime;][vc_column column_width_percent=\u00a0\u00bb100&Prime; position_vertical=\u00a0\u00bbmiddle\u00a0\u00bb align_horizontal=\u00a0\u00bbalign_center\u00a0\u00bb gutter_size=\u00a0\u00bb3&Prime; overlay_alpha=\u00a0\u00bb50&Prime; shift_x=\u00a0\u00bb0&Prime; shift_y=\u00a0\u00bb0&Prime; [&hellip;]\" \/>\n<meta property=\"og:url\" content=\"https:\/\/canbebe.com\/fr\/calendrier-de-grossesse\/27-40-haftalar\/\" \/>\n<meta property=\"og:site_name\" content=\"Canbebe\" \/>\n<meta property=\"article:modified_time\" content=\"2024-07-22T19:27:21+00:00\" \/>\n<meta name=\"twitter:card\" content=\"summary_large_image\" \/>\n<meta name=\"twitter:label1\" content=\"Dur\u00e9e de lecture estim\u00e9e\" \/>\n\t<meta name=\"twitter:data1\" content=\"8 minutes\" \/>\n<script type=\"application\/ld+json\" class=\"yoast-schema-graph\">{\"@context\":\"https:\\\/\\\/schema.org\",\"@graph\":[{\"@type\":\"WebPage\",\"@id\":\"https:\\\/\\\/canbebe.com\\\/fr\\\/calendrier-de-grossesse\\\/27-40-haftalar\\\/\",\"url\":\"https:\\\/\\\/canbebe.com\\\/fr\\\/calendrier-de-grossesse\\\/27-40-haftalar\\\/\",\"name\":\"\u0627\u0644\u062b\u0644\u062b \u0627\u0644\u062b\u0627\u0644\u062b - Canbebe\",\"isPartOf\":{\"@id\":\"https:\\\/\\\/canbebe.com\\\/fr\\\/#website\"},\"primaryImageOfPage\":{\"@id\":\"https:\\\/\\\/canbebe.com\\\/fr\\\/calendrier-de-grossesse\\\/27-40-haftalar\\\/#primaryimage\"},\"image\":{\"@id\":\"https:\\\/\\\/canbebe.com\\\/fr\\\/calendrier-de-grossesse\\\/27-40-haftalar\\\/#primaryimage\"},\"thumbnailUrl\":\"https:\\\/\\\/canbebe.com\\\/wp-content\\\/uploads\\\/2023\\\/11\\\/Trimester-2.svg\",\"datePublished\":\"2023-11-24T11:03:18+00:00\",\"dateModified\":\"2024-07-22T19:27:21+00:00\",\"breadcrumb\":{\"@id\":\"https:\\\/\\\/canbebe.com\\\/fr\\\/calendrier-de-grossesse\\\/27-40-haftalar\\\/#breadcrumb\"},\"inLanguage\":\"fr-FR\",\"potentialAction\":[{\"@type\":\"ReadAction\",\"target\":[\"https:\\\/\\\/canbebe.com\\\/fr\\\/calendrier-de-grossesse\\\/27-40-haftalar\\\/\"]}]},{\"@type\":\"ImageObject\",\"inLanguage\":\"fr-FR\",\"@id\":\"https:\\\/\\\/canbebe.com\\\/fr\\\/calendrier-de-grossesse\\\/27-40-haftalar\\\/#primaryimage\",\"url\":\"https:\\\/\\\/canbebe.com\\\/wp-content\\\/uploads\\\/2023\\\/11\\\/Trimester-2.svg\",\"contentUrl\":\"https:\\\/\\\/canbebe.com\\\/wp-content\\\/uploads\\\/2023\\\/11\\\/Trimester-2.svg\",\"width\":73,\"height\":72},{\"@type\":\"BreadcrumbList\",\"@id\":\"https:\\\/\\\/canbebe.com\\\/fr\\\/calendrier-de-grossesse\\\/27-40-haftalar\\\/#breadcrumb\",\"itemListElement\":[{\"@type\":\"ListItem\",\"position\":1,\"name\":\"Accueil\",\"item\":\"https:\\\/\\\/canbebe.com\\\/fr\\\/\"},{\"@type\":\"ListItem\",\"position\":2,\"name\":\"Calendrier de Grossesse\",\"item\":\"https:\\\/\\\/canbebe.com\\\/fr\\\/calendrier-de-grossesse\\\/\"},{\"@type\":\"ListItem\",\"position\":3,\"name\":\"\u0627\u0644\u062b\u0644\u062b \u0627\u0644\u062b\u0627\u0644\u062b\"}]},{\"@type\":\"WebSite\",\"@id\":\"https:\\\/\\\/canbebe.com\\\/fr\\\/#website\",\"url\":\"https:\\\/\\\/canbebe.com\\\/fr\\\/\",\"name\":\"Canbebe\",\"description\":\"Canbebe\",\"publisher\":{\"@id\":\"https:\\\/\\\/canbebe.com\\\/fr\\\/#organization\"},\"potentialAction\":[{\"@type\":\"SearchAction\",\"target\":{\"@type\":\"EntryPoint\",\"urlTemplate\":\"https:\\\/\\\/canbebe.com\\\/fr\\\/?s={search_term_string}\"},\"query-input\":{\"@type\":\"PropertyValueSpecification\",\"valueRequired\":true,\"valueName\":\"search_term_string\"}}],\"inLanguage\":\"fr-FR\"},{\"@type\":\"Organization\",\"@id\":\"https:\\\/\\\/canbebe.com\\\/fr\\\/#organization\",\"name\":\"Canbebe\",\"url\":\"https:\\\/\\\/canbebe.com\\\/fr\\\/\",\"logo\":{\"@type\":\"ImageObject\",\"inLanguage\":\"fr-FR\",\"@id\":\"https:\\\/\\\/canbebe.com\\\/fr\\\/#\\\/schema\\\/logo\\\/image\\\/\",\"url\":\"https:\\\/\\\/canbebe.com\\\/wp-content\\\/uploads\\\/2023\\\/11\\\/logo-canbebe.png\",\"contentUrl\":\"https:\\\/\\\/canbebe.com\\\/wp-content\\\/uploads\\\/2023\\\/11\\\/logo-canbebe.png\",\"width\":398,\"height\":84,\"caption\":\"Canbebe\"},\"image\":{\"@id\":\"https:\\\/\\\/canbebe.com\\\/fr\\\/#\\\/schema\\\/logo\\\/image\\\/\"}}]}<\/script>\n<!-- \/ Yoast SEO plugin. -->","yoast_head_json":{"title":"\u0627\u0644\u062b\u0644\u062b \u0627\u0644\u062b\u0627\u0644\u062b - Canbebe","robots":{"index":"index","follow":"follow","max-snippet":"max-snippet:-1","max-image-preview":"max-image-preview:large","max-video-preview":"max-video-preview:-1"},"canonical":"https:\/\/canbebe.com\/fr\/calendrier-de-grossesse\/27-40-haftalar\/","og_locale":"fr_FR","og_type":"article","og_title":"\u0627\u0644\u062b\u0644\u062b \u0627\u0644\u062b\u0627\u0644\u062b - Canbebe","og_description":"[vc_row row_height_percent=\u00a0\u00bb0&Prime; override_padding=\u00a0\u00bbyes\u00a0\u00bb h_padding=\u00a0\u00bb2&Prime; top_padding=\u00a0\u00bb2&Prime; bottom_padding=\u00a0\u00bb0&Prime; overlay_alpha=\u00a0\u00bb50&Prime; equal_height=\u00a0\u00bbyes\u00a0\u00bb gutter_size=\u00a0\u00bb2&Prime; column_width_percent=\u00a0\u00bb100&Prime; shift_y=\u00a0\u00bb-3&Prime; z_index=\u00a0\u00bb0&Prime; uncode_shortcode_id=\u00a0\u00bb152492&Prime;][vc_column column_width_percent=\u00a0\u00bb100&Prime; position_vertical=\u00a0\u00bbmiddle\u00a0\u00bb align_horizontal=\u00a0\u00bbalign_center\u00a0\u00bb gutter_size=\u00a0\u00bb3&Prime; overlay_alpha=\u00a0\u00bb50&Prime; shift_x=\u00a0\u00bb0&Prime; shift_y=\u00a0\u00bb0&Prime; [&hellip;]","og_url":"https:\/\/canbebe.com\/fr\/calendrier-de-grossesse\/27-40-haftalar\/","og_site_name":"Canbebe","article_modified_time":"2024-07-22T19:27:21+00:00","twitter_card":"summary_large_image","twitter_misc":{"Dur\u00e9e de lecture estim\u00e9e":"8 minutes"},"schema":{"@context":"https:\/\/schema.org","@graph":[{"@type":"WebPage","@id":"https:\/\/canbebe.com\/fr\/calendrier-de-grossesse\/27-40-haftalar\/","url":"https:\/\/canbebe.com\/fr\/calendrier-de-grossesse\/27-40-haftalar\/","name":"\u0627\u0644\u062b\u0644\u062b \u0627\u0644\u062b\u0627\u0644\u062b - Canbebe","isPartOf":{"@id":"https:\/\/canbebe.com\/fr\/#website"},"primaryImageOfPage":{"@id":"https:\/\/canbebe.com\/fr\/calendrier-de-grossesse\/27-40-haftalar\/#primaryimage"},"image":{"@id":"https:\/\/canbebe.com\/fr\/calendrier-de-grossesse\/27-40-haftalar\/#primaryimage"},"thumbnailUrl":"https:\/\/canbebe.com\/wp-content\/uploads\/2023\/11\/Trimester-2.svg","datePublished":"2023-11-24T11:03:18+00:00","dateModified":"2024-07-22T19:27:21+00:00","breadcrumb":{"@id":"https:\/\/canbebe.com\/fr\/calendrier-de-grossesse\/27-40-haftalar\/#breadcrumb"},"inLanguage":"fr-FR","potentialAction":[{"@type":"ReadAction","target":["https:\/\/canbebe.com\/fr\/calendrier-de-grossesse\/27-40-haftalar\/"]}]},{"@type":"ImageObject","inLanguage":"fr-FR","@id":"https:\/\/canbebe.com\/fr\/calendrier-de-grossesse\/27-40-haftalar\/#primaryimage","url":"https:\/\/canbebe.com\/wp-content\/uploads\/2023\/11\/Trimester-2.svg","contentUrl":"https:\/\/canbebe.com\/wp-content\/uploads\/2023\/11\/Trimester-2.svg","width":73,"height":72},{"@type":"BreadcrumbList","@id":"https:\/\/canbebe.com\/fr\/calendrier-de-grossesse\/27-40-haftalar\/#breadcrumb","itemListElement":[{"@type":"ListItem","position":1,"name":"Accueil","item":"https:\/\/canbebe.com\/fr\/"},{"@type":"ListItem","position":2,"name":"Calendrier de Grossesse","item":"https:\/\/canbebe.com\/fr\/calendrier-de-grossesse\/"},{"@type":"ListItem","position":3,"name":"\u0627\u0644\u062b\u0644\u062b \u0627\u0644\u062b\u0627\u0644\u062b"}]},{"@type":"WebSite","@id":"https:\/\/canbebe.com\/fr\/#website","url":"https:\/\/canbebe.com\/fr\/","name":"Canbebe","description":"Canbebe","publisher":{"@id":"https:\/\/canbebe.com\/fr\/#organization"},"potentialAction":[{"@type":"SearchAction","target":{"@type":"EntryPoint","urlTemplate":"https:\/\/canbebe.com\/fr\/?s={search_term_string}"},"query-input":{"@type":"PropertyValueSpecification","valueRequired":true,"valueName":"search_term_string"}}],"inLanguage":"fr-FR"},{"@type":"Organization","@id":"https:\/\/canbebe.com\/fr\/#organization","name":"Canbebe","url":"https:\/\/canbebe.com\/fr\/","logo":{"@type":"ImageObject","inLanguage":"fr-FR","@id":"https:\/\/canbebe.com\/fr\/#\/schema\/logo\/image\/","url":"https:\/\/canbebe.com\/wp-content\/uploads\/2023\/11\/logo-canbebe.png","contentUrl":"https:\/\/canbebe.com\/wp-content\/uploads\/2023\/11\/logo-canbebe.png","width":398,"height":84,"caption":"Canbebe"},"image":{"@id":"https:\/\/canbebe.com\/fr\/#\/schema\/logo\/image\/"}}]}},"_links":{"self":[{"href":"https:\/\/canbebe.com\/fr\/wp-json\/wp\/v2\/pages\/2509","targetHints":{"allow":["GET"]}}],"collection":[{"href":"https:\/\/canbebe.com\/fr\/wp-json\/wp\/v2\/pages"}],"about":[{"href":"https:\/\/canbebe.com\/fr\/wp-json\/wp\/v2\/types\/page"}],"author":[{"embeddable":true,"href":"https:\/\/canbebe.com\/fr\/wp-json\/wp\/v2\/users\/3"}],"replies":[{"embeddable":true,"href":"https:\/\/canbebe.com\/fr\/wp-json\/wp\/v2\/comments?post=2509"}],"version-history":[{"count":0,"href":"https:\/\/canbebe.com\/fr\/wp-json\/wp\/v2\/pages\/2509\/revisions"}],"up":[{"embeddable":true,"href":"https:\/\/canbebe.com\/fr\/wp-json\/wp\/v2\/pages\/2268"}],"wp:featuredmedia":[{"embeddable":true,"href":"https:\/\/canbebe.com\/fr\/wp-json\/wp\/v2\/media\/1488"}],"wp:attachment":[{"href":"https:\/\/canbebe.com\/fr\/wp-json\/wp\/v2\/media?parent=2509"}],"curies":[{"name":"wp","href":"https:\/\/api.w.org\/{rel}","templated":true}]}}